{"id":782,"date":"2018-06-28T17:33:26","date_gmt":"2018-06-28T20:33:26","guid":{"rendered":"https:\/\/ifdcalbinosb-lrj.infd.edu.ar\/sitio\/autoridades\/"},"modified":"2024-03-08T18:01:55","modified_gmt":"2024-03-08T21:01:55","slug":"autoridades","status":"publish","type":"page","link":"https:\/\/ifdcalbinosb-lrj.infd.edu.ar\/sitio\/autoridades\/","title":{"rendered":"Autoridades"},"content":{"rendered":"<table cellspacing=\"0\" cellpadding=\"2\">\n<tbody>\n<tr>\n<td width=\"316\">Rectora:<\/td>\n<td width=\"316\">Lic. Claudia Ay\u00e1n.<\/td>\n<\/tr>\n<tr>\n<td width=\"316\">Vicerrector:<\/td>\n<td width=\"316\">Dr. Mariano Simes Martini.<\/td>\n<\/tr>\n<tr>\n<td width=\"316\">Secretaria:<\/td>\n<td width=\"316\">Vacante.<\/td>\n<\/tr>\n<tr>\n<td width=\"316\">Responsables de Secretar\u00eda:<\/td>\n<td width=\"316\">Silvia Navarro. Turno Tarde<\/p>\n<p>Laura Ram\u00edrez.Turno Ma\u00f1ana<\/td>\n<\/tr>\n<tr>\n<td width=\"316\">Jefes de Departamento<\/td>\n<td width=\"316\"><\/td>\n<\/tr>\n<tr>\n<td width=\"316\">Jefe del Departamento de Investigaci\u00f3n<\/p>\n<p>y Desarrollo Educativo:<\/td>\n<td width=\"316\">A cargo Prof. M\u00f3nica Miranda.<\/td>\n<\/tr>\n<tr>\n<td width=\"316\">Jefa del Departamento de Formaci\u00f3n Inicial:<\/td>\n<td width=\"316\">Prof. Carlos Santill\u00e1n.<\/td>\n<\/tr>\n<tr>\n<td width=\"316\">Jefe del Departamento de Formaci\u00f3n Continua:<\/td>\n<td width=\"316\">Prof. Ren\u00e9 Ordo\u00f1ez.<\/td>\n<\/tr>\n<tr>\n<td width=\"316\">Jefa de la Coordinaci\u00f3n de Pr\u00e1cticas<\/p>\n<p>y Residencias:<\/td>\n<td width=\"316\">Prof. M\u00f3nica Aballay &#8211;\u00a0Prof Ayala Camila<\/td>\n<\/tr>\n<tr>\n<td width=\"316\">Coordinaci\u00f3n Institucional de Pol\u00edticas<\/p>\n<p>Estudiantiles (CIPE):<\/td>\n<td width=\"316\">Lic. Rosa Peralta &#8211;\u00a0Prof Lorena Z\u00e1rate a Cargo<\/td>\n<\/tr>\n<tr>\n<td width=\"316\">Coordinadores de Carrera<\/td>\n<td width=\"316\"><\/td>\n<\/tr>\n<tr>\n<td width=\"316\">Coordinadora del Profesorado de Matem\u00e1tica:<\/td>\n<td width=\"316\">Lic. Mariana Lastra.<\/td>\n<\/tr>\n<tr>\n<td width=\"316\">Coordinadora del Profesorado de Lengua y Literatura:<\/td>\n<td width=\"316\">Prof. Camila Ayala.<\/td>\n<\/tr>\n<tr>\n<td width=\"316\">Coordinadora del Profesorado de Ingl\u00e9s:<\/td>\n<td width=\"316\">Lic. Amalia Malanca Cabral.<\/td>\n<\/tr>\n<tr>\n<td width=\"316\">Coordinador del Profesorado de Geograf\u00eda:<\/td>\n<td width=\"316\">Prof Aldo Bustamante<\/td>\n<\/tr>\n<tr>\n<td width=\"316\">Coordinadora del Profesorado de Historia:<\/td>\n<td width=\"316\">Prof. Marta Robles.<\/td>\n<\/tr>\n<tr>\n<td width=\"316\">Coordinadora del Profesorado de Franc\u00e9s:<\/td>\n<td width=\"316\">Prof. Mariana Cravero.<\/td>\n<\/tr>\n<tr>\n<td width=\"316\">Coordinadora del Profesorado de<\/p>\n<p>Educaci\u00f3n Tecnol\u00f3gica:<\/td>\n<td width=\"316\">Vacante.<\/td>\n<\/tr>\n<tr>\n<td width=\"316\">Coordinadora del Profesorado de F\u00edsica:<\/td>\n<td width=\"316\">Ing. Fabiana C\u00e9spedes.<\/td>\n<\/tr>\n<tr>\n<td width=\"316\">Coordinadora del Profesorado de Qu\u00edmica:<\/td>\n<td width=\"316\">Prof. Nicol\u00e1s Rosell\u00f3.<\/td>\n<\/tr>\n<tr>\n<td width=\"316\">Sectores<\/td>\n<td width=\"316\"><\/td>\n<\/tr>\n<tr>\n<td width=\"316\">T\u00edtulos:<\/td>\n<td width=\"316\">Prof. Marcos Romero<\/td>\n<\/tr>\n<tr>\n<td width=\"316\">Matriculaci\u00f3n:<\/td>\n<td width=\"316\">Sra. Karen Vargas<\/td>\n<\/tr>\n<tr>\n<td width=\"316\">Bedel\u00edas:<\/td>\n<td width=\"316\">Sr. Daniel Pedraza<\/td>\n<\/tr>\n<tr>\n<td width=\"316\">Biblioteca:<\/td>\n<td width=\"316\">Bibliotecaria y Archiv\u00edstica, Paulina Paredes<\/td>\n<\/tr>\n<tr>\n<td width=\"316\">\u00a0Multimedios y Prensa:<\/td>\n<td width=\"316\">Ing. Nicol\u00e1s Escudero.<\/td>\n<\/tr>\n<tr>\n<td width=\"316\">Maestranza:<\/td>\n<td width=\"316\">Ing. V\u00edctor Maman\u00ed.<\/td>\n<\/tr>\n<tr>\n<td width=\"316\">TM:<\/td>\n<td width=\"316\">Sr. Esteban D\u00edaz.<\/td>\n<\/tr>\n<tr>\n<td width=\"316\">TT:<\/td>\n<td width=\"316\">Sr. Carlos Paredes.<\/td>\n<\/tr>\n<\/tbody>\n<\/table>\n<hr \/>\n","protected":false},"excerpt":{"rendered":"<p>Rectora: Lic. Claudia Ay\u00e1n. Vicerrector: Dr. Mariano Simes Martini. Secretaria: Vacante. Responsables de Secretar\u00eda: Silvia Navarro. Turno Tarde Laura Ram\u00edrez.Turno Ma\u00f1ana Jefes de Departamento Jefe del Departamento de Investigaci\u00f3n y Desarrollo Educativo: A cargo Prof. M\u00f3nica Miranda. Jefa del Departamento de Formaci\u00f3n Inicial: Prof. Carlos Santill\u00e1n. Jefe del Departamento de Formaci\u00f3n Continua: Prof. Ren\u00e9 Ordo\u00f1ez. &#8230; <a title=\"Autoridades\" class=\"read-more\" href=\"https:\/\/ifdcalbinosb-lrj.infd.edu.ar\/sitio\/autoridades\/\" aria-label=\"More on Autoridades\">[+]<\/a><\/p>\n","protected":false},"author":1311,"featured_media":0,"parent":0,"menu_order":0,"comment_status":"closed","ping_status":"closed","template":"","meta":[],"acf":[],"_links":{"self":[{"href":"https:\/\/ifdcalbinosb-lrj.infd.edu.ar\/sitio\/wp-json\/wp\/v2\/pages\/782"}],"collection":[{"href":"https:\/\/ifdcalbinosb-lrj.infd.edu.ar\/sitio\/wp-json\/wp\/v2\/pages"}],"about":[{"href":"https:\/\/ifdcalbinosb-lrj.infd.edu.ar\/sitio\/wp-json\/wp\/v2\/types\/page"}],"author":[{"embeddable":true,"href":"https:\/\/ifdcalbinosb-lrj.infd.edu.ar\/sitio\/wp-json\/wp\/v2\/users\/1311"}],"replies":[{"embeddable":true,"href":"https:\/\/ifdcalbinosb-lrj.infd.edu.ar\/sitio\/wp-json\/wp\/v2\/comments?post=782"}],"version-history":[{"count":2,"href":"https:\/\/ifdcalbinosb-lrj.infd.edu.ar\/sitio\/wp-json\/wp\/v2\/pages\/782\/revisions"}],"predecessor-version":[{"id":863,"href":"https:\/\/ifdcalbinosb-lrj.infd.edu.ar\/sitio\/wp-json\/wp\/v2\/pages\/782\/revisions\/863"}],"wp:attachment":[{"href":"https:\/\/ifdcalbinosb-lrj.infd.edu.ar\/sitio\/wp-json\/wp\/v2\/media?parent=782"}],"curies":[{"name":"wp","href":"https:\/\/api.w.org\/{rel}","templated":true}]}}